{"id":1985,"date":"2023-08-01T11:48:06","date_gmt":"2023-08-01T11:48:06","guid":{"rendered":"https:\/\/cocon.com.ar\/?post_type=product&#038;p=1985"},"modified":"2023-09-14T19:39:21","modified_gmt":"2023-09-14T19:39:21","slug":"combo-gervasoni-mesita-tejida","status":"publish","type":"product","link":"https:\/\/cocon.com.ar\/es\/product\/combo-gervasoni-mesita-tejida\/","title":{"rendered":"Combo Gervasoni + Mesita Tejida"},"content":{"rendered":"<p>Combo Gervasoni + Mesita Tejida<br \/>\nHermoso juego de sillones gervasoni y mesita tejida simil yute &amp; hierro. Ideal para redecorar tu balc\u00f3n, terraza, jard\u00edn o galer\u00eda.<br \/>\nPara relajarse tomando un caf\u00e9, leyendo un libro, o simplemente admirando la naturaleza.<br \/>\nAdem\u00e1s es funcional para jardines de interior, se puede acompa\u00f1ar de una mesita de chapa &amp; hierro, y con mesitas r\u00fasticas de madera, por ejemplo.<br \/>\nEs un Combo Vers\u00e1til que complementa cualquier ambiente, la calidez de su soga en simil yute y el color negro del hierro combinan perfectamente con variados estilos.<\/p>\n<p>Este dise\u00f1o combina l\u00edneas rectas con extravagantes curvas, de aspecto n\u00f3rdico y minimalista, por lo tanto, acompa\u00f1a perfectamente a sillones de otros estilos.<br \/>\nSill\u00f3n estilo industrial<br \/>\nYa que la estructura es de Hierro macizo pintada en color negro.<br \/>\nEl encordado est\u00e1 realizado en una cuerda de 12 tramas, conocida com\u00fanmente como soga simil yute, de color beige o negro.<br \/>\nSill\u00f3n 1 Cuerpo<br \/>\nEl Sill\u00f3n Gervasoni Simil Yute es ideal para ambientar el living, galer\u00eda, recepci\u00f3n, dormitorio o para armar un rinconcito de lectura, por ejemplo.<br \/>\nNo incluye almohad\u00f3n (consultar costo adicional con el mismo).<br \/>\nEn conclusi\u00f3n, cualquier lugar quedara\u0301 lleno de personalidad con este sill\u00f3n.<\/p>\n<p>MATERIALES: Combo Gervasoni + Mesita Tejida:<br \/>\nSillones: Estructura en Hierro macizo pintado en negro o blanco. Encordado en Soga de polipropileno S\u00edmil Yute en color beige o negro (opcional).<br \/>\nMesa:Estructura en Hierro macizo pintado en negro o blanco. Encordado en Soga de polipropileno S\u00edmil Yute en color beige o negro<\/p>\n<p>MEDIDAS DE LOS SILLONES GERVASONI:<br \/>\nAncho asiento: 60cm<br \/>\nProfundidad: 45cm<br \/>\nAltura al asiento: 40cm<br \/>\nAltura total: 75cm<\/p>\n<p>Superficie que ocupa cada sill\u00f3n: 70cm<\/p>\n<p>MEDIDAS DE LA MESA TEJIDA:<br \/>\n55cm di\u00e1metro x 45cm altura.<\/p>\n<p>CUIDADO Y MANTENIMIENTO:<br \/>\nEn espacios exteriores se recomienda que est\u00e9n semi techados o que se cubra con alguna funda para preservar el producto por largo tiempo.<br \/>\nNo exponerlo al fuego o cerca del mismo, por ejemplo una parrilla.<br \/>\nSe puede limpiar con una pa\u00f1o o esponja h\u00fameda.<\/p>","protected":false},"excerpt":{"rendered":"<p>Combo Gervasoni + Mesita Tejida Hermoso juego de sillones gervasoni y mesita tejida simil yute &amp; hierro. Ideal para redecorar tu balc\u00f3n, terraza, jard\u00edn o galer\u00eda. Para relajarse tomando un caf\u00e9, leyendo un libro, o simplemente admirando la naturaleza. Adem\u00e1s es funcional para jardines de interior, se puede acompa\u00f1ar de una mesita de chapa &amp; [&hellip;]<\/p>","protected":false},"featured_media":2629,"comment_status":"closed","ping_status":"closed","template":"","meta":{"inline_featured_image":false,"_joinchat":[]},"product_cat":[139,174],"product_tag":[239,238,155,244,240,249,250,242],"class_list":["post-1985","product","type-product","status-publish","has-post-thumbnail","hentry","product_cat-galeria","product_cat-living-galeria","product_tag-combo-balconero","product_tag-combo-exterior","product_tag-exterior","product_tag-jardin","product_tag-juego-de-balcon","product_tag-juego-de-sillones","product_tag-sillon-exterior","product_tag-sillon-soga"],"yoast_head":"<!-- This site is optimized with the Yoast SEO plugin v26.5 - https:\/\/yoast.com\/wordpress\/plugins\/seo\/ -->\n<title>Combo Gervasoni + Mesita Tejida - Cocon - Somos Fabricantes - Cocon<\/title>\n<meta name=\"description\" content=\"\u00a1Incre\u00edble Combo exteriorl! No te pierdas la oportunidad de tener el tuyo. Ingresa a nuestra tienda para ver colores y m\u00e1s modelos. \u00a1Consultar Stock!\" \/>\n<meta name=\"robots\" content=\"noindex, follow, max-snippet:-1, max-image-preview:large, max-video-preview:-1\" \/>\n<meta property=\"og:locale\" content=\"es_ES\" \/>\n<meta property=\"og:type\" content=\"article\" \/>\n<meta property=\"og:title\" content=\"Combo Gervasoni + Mesita Tejida - Cocon - Somos Fabricantes - Cocon\" \/>\n<meta property=\"og:description\" content=\"\u00a1Incre\u00edble Combo exteriorl! No te pierdas la oportunidad de tener el tuyo. Ingresa a nuestra tienda para ver colores y m\u00e1s modelos. \u00a1Consultar Stock!\" \/>\n<meta property=\"og:url\" content=\"https:\/\/cocon.com.ar\/es\/product\/combo-gervasoni-mesita-tejida\/\" \/>\n<meta property=\"og:site_name\" content=\"Cocon\" \/>\n<meta property=\"article:publisher\" content=\"http:\/\/facebook.com\/cocon.muebles\" \/>\n<meta property=\"article:modified_time\" content=\"2023-09-14T19:39:21+00:00\" \/>\n<meta property=\"og:image\" content=\"https:\/\/cocon.com.ar\/wp-content\/uploads\/2023\/08\/sillon-gervasoni-5.png\" \/>\n\t<meta property=\"og:image:width\" content=\"600\" \/>\n\t<meta property=\"og:image:height\" content=\"600\" \/>\n\t<meta property=\"og:image:type\" content=\"image\/png\" \/>\n<meta name=\"twitter:card\" content=\"summary_large_image\" \/>\n<meta name=\"twitter:label1\" content=\"Tiempo de lectura\" \/>\n\t<meta name=\"twitter:data1\" content=\"2 minutos\" \/>\n<script type=\"application\/ld+json\" class=\"yoast-schema-graph\">{\"@context\":\"https:\/\/schema.org\",\"@graph\":[{\"@type\":\"WebPage\",\"@id\":\"https:\/\/cocon.com.ar\/product\/combo-gervasoni-mesita-tejida\/\",\"url\":\"https:\/\/cocon.com.ar\/product\/combo-gervasoni-mesita-tejida\/\",\"name\":\"Combo Gervasoni + Mesita Tejida - Cocon - Somos Fabricantes - Cocon\",\"isPartOf\":{\"@id\":\"https:\/\/cocon.com.ar\/#website\"},\"primaryImageOfPage\":{\"@id\":\"https:\/\/cocon.com.ar\/product\/combo-gervasoni-mesita-tejida\/#primaryimage\"},\"image\":{\"@id\":\"https:\/\/cocon.com.ar\/product\/combo-gervasoni-mesita-tejida\/#primaryimage\"},\"thumbnailUrl\":\"https:\/\/cocon.com.ar\/wp-content\/uploads\/2023\/08\/sillon-gervasoni-5.png\",\"datePublished\":\"2023-08-01T11:48:06+00:00\",\"dateModified\":\"2023-09-14T19:39:21+00:00\",\"description\":\"\u00a1Incre\u00edble Combo exteriorl! No te pierdas la oportunidad de tener el tuyo. Ingresa a nuestra tienda para ver colores y m\u00e1s modelos. \u00a1Consultar Stock!\",\"breadcrumb\":{\"@id\":\"https:\/\/cocon.com.ar\/product\/combo-gervasoni-mesita-tejida\/#breadcrumb\"},\"inLanguage\":\"es-AR\",\"potentialAction\":[{\"@type\":\"ReadAction\",\"target\":[\"https:\/\/cocon.com.ar\/product\/combo-gervasoni-mesita-tejida\/\"]}]},{\"@type\":\"ImageObject\",\"inLanguage\":\"es-AR\",\"@id\":\"https:\/\/cocon.com.ar\/product\/combo-gervasoni-mesita-tejida\/#primaryimage\",\"url\":\"https:\/\/cocon.com.ar\/wp-content\/uploads\/2023\/08\/sillon-gervasoni-5.png\",\"contentUrl\":\"https:\/\/cocon.com.ar\/wp-content\/uploads\/2023\/08\/sillon-gervasoni-5.png\",\"width\":600,\"height\":600},{\"@type\":\"BreadcrumbList\",\"@id\":\"https:\/\/cocon.com.ar\/product\/combo-gervasoni-mesita-tejida\/#breadcrumb\",\"itemListElement\":[{\"@type\":\"ListItem\",\"position\":1,\"name\":\"Portada\",\"item\":\"https:\/\/cocon.com.ar\/\"},{\"@type\":\"ListItem\",\"position\":2,\"name\":\"Shop\",\"item\":\"https:\/\/cocon.com.ar\/shop\/\"},{\"@type\":\"ListItem\",\"position\":3,\"name\":\"Combo Gervasoni + Mesita Tejida\"}]},{\"@type\":\"WebSite\",\"@id\":\"https:\/\/cocon.com.ar\/#website\",\"url\":\"https:\/\/cocon.com.ar\/\",\"name\":\"Cocon\",\"description\":\"Estudio de Interiorismo_ Styling &amp; Deco\",\"publisher\":{\"@id\":\"https:\/\/cocon.com.ar\/#organization\"},\"potentialAction\":[{\"@type\":\"SearchAction\",\"target\":{\"@type\":\"EntryPoint\",\"urlTemplate\":\"https:\/\/cocon.com.ar\/?s={search_term_string}\"},\"query-input\":{\"@type\":\"PropertyValueSpecification\",\"valueRequired\":true,\"valueName\":\"search_term_string\"}}],\"inLanguage\":\"es-AR\"},{\"@type\":\"Organization\",\"@id\":\"https:\/\/cocon.com.ar\/#organization\",\"name\":\"Cocon\",\"url\":\"https:\/\/cocon.com.ar\/\",\"logo\":{\"@type\":\"ImageObject\",\"inLanguage\":\"es-AR\",\"@id\":\"https:\/\/cocon.com.ar\/#\/schema\/logo\/image\/\",\"url\":\"https:\/\/cocon.com.ar\/wp-content\/uploads\/2023\/09\/cropped-cropped-ei_1695218943890-removebg-preview.png\",\"contentUrl\":\"https:\/\/cocon.com.ar\/wp-content\/uploads\/2023\/09\/cropped-cropped-ei_1695218943890-removebg-preview.png\",\"width\":512,\"height\":341,\"caption\":\"Cocon\"},\"image\":{\"@id\":\"https:\/\/cocon.com.ar\/#\/schema\/logo\/image\/\"},\"sameAs\":[\"http:\/\/facebook.com\/cocon.muebles\",\"https:\/\/www.instagram.com\/cocon.deco\",\"https:\/\/www.youtube.com\/@cocon663\"]}]}<\/script>\n<!-- \/ Yoast SEO plugin. -->","yoast_head_json":{"title":"Combo Gervasoni + Mesita Tejida - Cocon - Somos Fabricantes - Cocon","description":"\u00a1Incre\u00edble Combo exteriorl! No te pierdas la oportunidad de tener el tuyo. Ingresa a nuestra tienda para ver colores y m\u00e1s modelos. \u00a1Consultar Stock!","robots":{"index":"noindex","follow":"follow","max-snippet":"max-snippet:-1","max-image-preview":"max-image-preview:large","max-video-preview":"max-video-preview:-1"},"og_locale":"es_ES","og_type":"article","og_title":"Combo Gervasoni + Mesita Tejida - Cocon - Somos Fabricantes - Cocon","og_description":"\u00a1Incre\u00edble Combo exteriorl! No te pierdas la oportunidad de tener el tuyo. Ingresa a nuestra tienda para ver colores y m\u00e1s modelos. \u00a1Consultar Stock!","og_url":"https:\/\/cocon.com.ar\/es\/product\/combo-gervasoni-mesita-tejida\/","og_site_name":"Cocon","article_publisher":"http:\/\/facebook.com\/cocon.muebles","article_modified_time":"2023-09-14T19:39:21+00:00","og_image":[{"width":600,"height":600,"url":"https:\/\/cocon.com.ar\/wp-content\/uploads\/2023\/08\/sillon-gervasoni-5.png","type":"image\/png"}],"twitter_card":"summary_large_image","twitter_misc":{"Tiempo de lectura":"2 minutos"},"schema":{"@context":"https:\/\/schema.org","@graph":[{"@type":"WebPage","@id":"https:\/\/cocon.com.ar\/product\/combo-gervasoni-mesita-tejida\/","url":"https:\/\/cocon.com.ar\/product\/combo-gervasoni-mesita-tejida\/","name":"Combo Gervasoni + Mesita Tejida - Cocon - Somos Fabricantes - Cocon","isPartOf":{"@id":"https:\/\/cocon.com.ar\/#website"},"primaryImageOfPage":{"@id":"https:\/\/cocon.com.ar\/product\/combo-gervasoni-mesita-tejida\/#primaryimage"},"image":{"@id":"https:\/\/cocon.com.ar\/product\/combo-gervasoni-mesita-tejida\/#primaryimage"},"thumbnailUrl":"https:\/\/cocon.com.ar\/wp-content\/uploads\/2023\/08\/sillon-gervasoni-5.png","datePublished":"2023-08-01T11:48:06+00:00","dateModified":"2023-09-14T19:39:21+00:00","description":"\u00a1Incre\u00edble Combo exteriorl! No te pierdas la oportunidad de tener el tuyo. Ingresa a nuestra tienda para ver colores y m\u00e1s modelos. \u00a1Consultar Stock!","breadcrumb":{"@id":"https:\/\/cocon.com.ar\/product\/combo-gervasoni-mesita-tejida\/#breadcrumb"},"inLanguage":"es-AR","potentialAction":[{"@type":"ReadAction","target":["https:\/\/cocon.com.ar\/product\/combo-gervasoni-mesita-tejida\/"]}]},{"@type":"ImageObject","inLanguage":"es-AR","@id":"https:\/\/cocon.com.ar\/product\/combo-gervasoni-mesita-tejida\/#primaryimage","url":"https:\/\/cocon.com.ar\/wp-content\/uploads\/2023\/08\/sillon-gervasoni-5.png","contentUrl":"https:\/\/cocon.com.ar\/wp-content\/uploads\/2023\/08\/sillon-gervasoni-5.png","width":600,"height":600},{"@type":"BreadcrumbList","@id":"https:\/\/cocon.com.ar\/product\/combo-gervasoni-mesita-tejida\/#breadcrumb","itemListElement":[{"@type":"ListItem","position":1,"name":"Portada","item":"https:\/\/cocon.com.ar\/"},{"@type":"ListItem","position":2,"name":"Shop","item":"https:\/\/cocon.com.ar\/shop\/"},{"@type":"ListItem","position":3,"name":"Combo Gervasoni + Mesita Tejida"}]},{"@type":"WebSite","@id":"https:\/\/cocon.com.ar\/#website","url":"https:\/\/cocon.com.ar\/","name":"Cocon","description":"Estudio de Interiorismo_ Styling &amp; Deco","publisher":{"@id":"https:\/\/cocon.com.ar\/#organization"},"potentialAction":[{"@type":"SearchAction","target":{"@type":"EntryPoint","urlTemplate":"https:\/\/cocon.com.ar\/?s={search_term_string}"},"query-input":{"@type":"PropertyValueSpecification","valueRequired":true,"valueName":"search_term_string"}}],"inLanguage":"es-AR"},{"@type":"Organization","@id":"https:\/\/cocon.com.ar\/#organization","name":"Cocon","url":"https:\/\/cocon.com.ar\/","logo":{"@type":"ImageObject","inLanguage":"es-AR","@id":"https:\/\/cocon.com.ar\/#\/schema\/logo\/image\/","url":"https:\/\/cocon.com.ar\/wp-content\/uploads\/2023\/09\/cropped-cropped-ei_1695218943890-removebg-preview.png","contentUrl":"https:\/\/cocon.com.ar\/wp-content\/uploads\/2023\/09\/cropped-cropped-ei_1695218943890-removebg-preview.png","width":512,"height":341,"caption":"Cocon"},"image":{"@id":"https:\/\/cocon.com.ar\/#\/schema\/logo\/image\/"},"sameAs":["http:\/\/facebook.com\/cocon.muebles","https:\/\/www.instagram.com\/cocon.deco","https:\/\/www.youtube.com\/@cocon663"]}]}},"_links":{"self":[{"href":"https:\/\/cocon.com.ar\/es\/wp-json\/wp\/v2\/product\/1985","targetHints":{"allow":["GET"]}}],"collection":[{"href":"https:\/\/cocon.com.ar\/es\/wp-json\/wp\/v2\/product"}],"about":[{"href":"https:\/\/cocon.com.ar\/es\/wp-json\/wp\/v2\/types\/product"}],"replies":[{"embeddable":true,"href":"https:\/\/cocon.com.ar\/es\/wp-json\/wp\/v2\/comments?post=1985"}],"wp:featuredmedia":[{"embeddable":true,"href":"https:\/\/cocon.com.ar\/es\/wp-json\/wp\/v2\/media\/2629"}],"wp:attachment":[{"href":"https:\/\/cocon.com.ar\/es\/wp-json\/wp\/v2\/media?parent=1985"}],"wp:term":[{"taxonomy":"product_cat","embeddable":true,"href":"https:\/\/cocon.com.ar\/es\/wp-json\/wp\/v2\/product_cat?post=1985"},{"taxonomy":"product_tag","embeddable":true,"href":"https:\/\/cocon.com.ar\/es\/wp-json\/wp\/v2\/product_tag?post=1985"}],"curies":[{"name":"wp","href":"https:\/\/api.w.org\/{rel}","templated":true}]}}