{"id":2028,"date":"2023-08-01T11:48:15","date_gmt":"2023-08-01T11:48:15","guid":{"rendered":"https:\/\/cocon.com.ar\/?post_type=product&#038;p=2028"},"modified":"2023-09-11T22:52:36","modified_gmt":"2023-09-11T22:52:36","slug":"silla-ekis","status":"publish","type":"product","link":"https:\/\/cocon.com.ar\/es\/product\/silla-ekis\/","title":{"rendered":"Silla Ekis"},"content":{"rendered":"<p>Silla de Ekis<\/p>\n<p>Modelo de silla de oficina, ajustala a tu medida<br \/>\nCon su ajuste de altura, vas a poder fijar la posici\u00f3n de tu torso respecto a la mesa de trabajo y as\u00ed vas a conseguir una silla m\u00e1s c\u00f3moda al nivel de tus necesidades.<\/p>\n<p>Cuid\u00e1 tu cuerpo<br \/>\nLos apoyabrazos favorecer\u00e1n tu postura al escribir y te van a ayudar a incorporarte con mayor facilidad cuando quieras levantarte.<\/p>\n<p>Mantenete en movimiento<br \/>\nLas ruedas te van a permitir moverte y limpiar f\u00e1cilmente tu espacio. Vas a poder trasladarla sin dificultad cuando lo necesites.Adem\u00e1s, al ser giratoria te va a permitir rotar el asiento 360\u00ba sin la necesidad de cambiar de posici\u00f3n o moverte del lugar en donde est\u00e1s.<\/p>\n<p>Caracter\u00edticas:<\/p>\n<p>Silla inyectada en polipropileno color negro.<br \/>\nAsiento de espuma de corte de 22kg con interior madera multilaminada.<br \/>\nApoya brazos integrados.<br \/>\nRegulaci\u00f3n neum\u00e1tica.<br \/>\nRespaldo de red.<br \/>\nApoyo Lumbar.<br \/>\nBase negra o cromada.<\/p>\n<p>Consultar por colores disponibles.<\/p>\n<p>&nbsp;<\/p>","protected":false},"excerpt":{"rendered":"<p>Silla de Ekis Modelo de silla de oficina, ajustala a tu medida Con su ajuste de altura, vas a poder fijar la posici\u00f3n de tu torso respecto a la mesa de trabajo y as\u00ed vas a conseguir una silla m\u00e1s c\u00f3moda al nivel de tus necesidades. Cuid\u00e1 tu cuerpo Los apoyabrazos favorecer\u00e1n tu postura al [&hellip;]<\/p>","protected":false},"featured_media":2924,"comment_status":"closed","ping_status":"closed","template":"","meta":{"inline_featured_image":false,"_joinchat":[]},"product_cat":[184,140],"product_tag":[],"class_list":["post-2028","product","type-product","status-publish","has-post-thumbnail","hentry","product_cat-asientos","product_cat-de-oficina"],"yoast_head":"<!-- This site is optimized with the Yoast SEO plugin v26.5 - https:\/\/yoast.com\/wordpress\/plugins\/seo\/ -->\n<title>Silla Ekis - Cocon<\/title>\n<meta name=\"robots\" content=\"noindex, follow, max-snippet:-1, max-image-preview:large, max-video-preview:-1\" \/>\n<meta property=\"og:locale\" content=\"es_ES\" \/>\n<meta property=\"og:type\" content=\"article\" \/>\n<meta property=\"og:title\" content=\"Silla Ekis - Cocon\" \/>\n<meta property=\"og:description\" content=\"Silla de Ekis Modelo de silla de oficina, ajustala a tu medida Con su ajuste de altura, vas a poder fijar la posici\u00f3n de tu torso respecto a la mesa de trabajo y as\u00ed vas a conseguir una silla m\u00e1s c\u00f3moda al nivel de tus necesidades. Cuid\u00e1 tu cuerpo Los apoyabrazos favorecer\u00e1n tu postura al [&hellip;]\" \/>\n<meta property=\"og:url\" content=\"https:\/\/cocon.com.ar\/es\/product\/silla-ekis\/\" \/>\n<meta property=\"og:site_name\" content=\"Cocon\" \/>\n<meta property=\"article:publisher\" content=\"http:\/\/facebook.com\/cocon.muebles\" \/>\n<meta property=\"article:modified_time\" content=\"2023-09-11T22:52:36+00:00\" \/>\n<meta property=\"og:image\" content=\"https:\/\/cocon.com.ar\/wp-content\/uploads\/2023\/08\/sillas-operativas-7.png\" \/>\n\t<meta property=\"og:image:width\" content=\"600\" \/>\n\t<meta property=\"og:image:height\" content=\"600\" \/>\n\t<meta property=\"og:image:type\" content=\"image\/png\" \/>\n<meta name=\"twitter:card\" content=\"summary_large_image\" \/>\n<meta name=\"twitter:label1\" content=\"Tiempo de lectura\" \/>\n\t<meta name=\"twitter:data1\" content=\"1 minuto\" \/>\n<script type=\"application\/ld+json\" class=\"yoast-schema-graph\">{\"@context\":\"https:\/\/schema.org\",\"@graph\":[{\"@type\":\"WebPage\",\"@id\":\"https:\/\/cocon.com.ar\/product\/silla-ekis\/\",\"url\":\"https:\/\/cocon.com.ar\/product\/silla-ekis\/\",\"name\":\"Silla Ekis - Cocon\",\"isPartOf\":{\"@id\":\"https:\/\/cocon.com.ar\/#website\"},\"primaryImageOfPage\":{\"@id\":\"https:\/\/cocon.com.ar\/product\/silla-ekis\/#primaryimage\"},\"image\":{\"@id\":\"https:\/\/cocon.com.ar\/product\/silla-ekis\/#primaryimage\"},\"thumbnailUrl\":\"https:\/\/cocon.com.ar\/wp-content\/uploads\/2023\/08\/sillas-operativas-7.png\",\"datePublished\":\"2023-08-01T11:48:15+00:00\",\"dateModified\":\"2023-09-11T22:52:36+00:00\",\"breadcrumb\":{\"@id\":\"https:\/\/cocon.com.ar\/product\/silla-ekis\/#breadcrumb\"},\"inLanguage\":\"es-AR\",\"potentialAction\":[{\"@type\":\"ReadAction\",\"target\":[\"https:\/\/cocon.com.ar\/product\/silla-ekis\/\"]}]},{\"@type\":\"ImageObject\",\"inLanguage\":\"es-AR\",\"@id\":\"https:\/\/cocon.com.ar\/product\/silla-ekis\/#primaryimage\",\"url\":\"https:\/\/cocon.com.ar\/wp-content\/uploads\/2023\/08\/sillas-operativas-7.png\",\"contentUrl\":\"https:\/\/cocon.com.ar\/wp-content\/uploads\/2023\/08\/sillas-operativas-7.png\",\"width\":600,\"height\":600},{\"@type\":\"BreadcrumbList\",\"@id\":\"https:\/\/cocon.com.ar\/product\/silla-ekis\/#breadcrumb\",\"itemListElement\":[{\"@type\":\"ListItem\",\"position\":1,\"name\":\"Portada\",\"item\":\"https:\/\/cocon.com.ar\/\"},{\"@type\":\"ListItem\",\"position\":2,\"name\":\"Shop\",\"item\":\"https:\/\/cocon.com.ar\/shop\/\"},{\"@type\":\"ListItem\",\"position\":3,\"name\":\"Silla Ekis\"}]},{\"@type\":\"WebSite\",\"@id\":\"https:\/\/cocon.com.ar\/#website\",\"url\":\"https:\/\/cocon.com.ar\/\",\"name\":\"Cocon\",\"description\":\"Estudio de Interiorismo_ Styling &amp; Deco\",\"publisher\":{\"@id\":\"https:\/\/cocon.com.ar\/#organization\"},\"potentialAction\":[{\"@type\":\"SearchAction\",\"target\":{\"@type\":\"EntryPoint\",\"urlTemplate\":\"https:\/\/cocon.com.ar\/?s={search_term_string}\"},\"query-input\":{\"@type\":\"PropertyValueSpecification\",\"valueRequired\":true,\"valueName\":\"search_term_string\"}}],\"inLanguage\":\"es-AR\"},{\"@type\":\"Organization\",\"@id\":\"https:\/\/cocon.com.ar\/#organization\",\"name\":\"Cocon\",\"url\":\"https:\/\/cocon.com.ar\/\",\"logo\":{\"@type\":\"ImageObject\",\"inLanguage\":\"es-AR\",\"@id\":\"https:\/\/cocon.com.ar\/#\/schema\/logo\/image\/\",\"url\":\"https:\/\/cocon.com.ar\/wp-content\/uploads\/2023\/09\/cropped-cropped-ei_1695218943890-removebg-preview.png\",\"contentUrl\":\"https:\/\/cocon.com.ar\/wp-content\/uploads\/2023\/09\/cropped-cropped-ei_1695218943890-removebg-preview.png\",\"width\":512,\"height\":341,\"caption\":\"Cocon\"},\"image\":{\"@id\":\"https:\/\/cocon.com.ar\/#\/schema\/logo\/image\/\"},\"sameAs\":[\"http:\/\/facebook.com\/cocon.muebles\",\"https:\/\/www.instagram.com\/cocon.deco\",\"https:\/\/www.youtube.com\/@cocon663\"]}]}<\/script>\n<!-- \/ Yoast SEO plugin. -->","yoast_head_json":{"title":"Silla Ekis - Cocon","robots":{"index":"noindex","follow":"follow","max-snippet":"max-snippet:-1","max-image-preview":"max-image-preview:large","max-video-preview":"max-video-preview:-1"},"og_locale":"es_ES","og_type":"article","og_title":"Silla Ekis - Cocon","og_description":"Silla de Ekis Modelo de silla de oficina, ajustala a tu medida Con su ajuste de altura, vas a poder fijar la posici\u00f3n de tu torso respecto a la mesa de trabajo y as\u00ed vas a conseguir una silla m\u00e1s c\u00f3moda al nivel de tus necesidades. Cuid\u00e1 tu cuerpo Los apoyabrazos favorecer\u00e1n tu postura al [&hellip;]","og_url":"https:\/\/cocon.com.ar\/es\/product\/silla-ekis\/","og_site_name":"Cocon","article_publisher":"http:\/\/facebook.com\/cocon.muebles","article_modified_time":"2023-09-11T22:52:36+00:00","og_image":[{"width":600,"height":600,"url":"https:\/\/cocon.com.ar\/wp-content\/uploads\/2023\/08\/sillas-operativas-7.png","type":"image\/png"}],"twitter_card":"summary_large_image","twitter_misc":{"Tiempo de lectura":"1 minuto"},"schema":{"@context":"https:\/\/schema.org","@graph":[{"@type":"WebPage","@id":"https:\/\/cocon.com.ar\/product\/silla-ekis\/","url":"https:\/\/cocon.com.ar\/product\/silla-ekis\/","name":"Silla Ekis - Cocon","isPartOf":{"@id":"https:\/\/cocon.com.ar\/#website"},"primaryImageOfPage":{"@id":"https:\/\/cocon.com.ar\/product\/silla-ekis\/#primaryimage"},"image":{"@id":"https:\/\/cocon.com.ar\/product\/silla-ekis\/#primaryimage"},"thumbnailUrl":"https:\/\/cocon.com.ar\/wp-content\/uploads\/2023\/08\/sillas-operativas-7.png","datePublished":"2023-08-01T11:48:15+00:00","dateModified":"2023-09-11T22:52:36+00:00","breadcrumb":{"@id":"https:\/\/cocon.com.ar\/product\/silla-ekis\/#breadcrumb"},"inLanguage":"es-AR","potentialAction":[{"@type":"ReadAction","target":["https:\/\/cocon.com.ar\/product\/silla-ekis\/"]}]},{"@type":"ImageObject","inLanguage":"es-AR","@id":"https:\/\/cocon.com.ar\/product\/silla-ekis\/#primaryimage","url":"https:\/\/cocon.com.ar\/wp-content\/uploads\/2023\/08\/sillas-operativas-7.png","contentUrl":"https:\/\/cocon.com.ar\/wp-content\/uploads\/2023\/08\/sillas-operativas-7.png","width":600,"height":600},{"@type":"BreadcrumbList","@id":"https:\/\/cocon.com.ar\/product\/silla-ekis\/#breadcrumb","itemListElement":[{"@type":"ListItem","position":1,"name":"Portada","item":"https:\/\/cocon.com.ar\/"},{"@type":"ListItem","position":2,"name":"Shop","item":"https:\/\/cocon.com.ar\/shop\/"},{"@type":"ListItem","position":3,"name":"Silla Ekis"}]},{"@type":"WebSite","@id":"https:\/\/cocon.com.ar\/#website","url":"https:\/\/cocon.com.ar\/","name":"Cocon","description":"Estudio de Interiorismo_ Styling &amp; Deco","publisher":{"@id":"https:\/\/cocon.com.ar\/#organization"},"potentialAction":[{"@type":"SearchAction","target":{"@type":"EntryPoint","urlTemplate":"https:\/\/cocon.com.ar\/?s={search_term_string}"},"query-input":{"@type":"PropertyValueSpecification","valueRequired":true,"valueName":"search_term_string"}}],"inLanguage":"es-AR"},{"@type":"Organization","@id":"https:\/\/cocon.com.ar\/#organization","name":"Cocon","url":"https:\/\/cocon.com.ar\/","logo":{"@type":"ImageObject","inLanguage":"es-AR","@id":"https:\/\/cocon.com.ar\/#\/schema\/logo\/image\/","url":"https:\/\/cocon.com.ar\/wp-content\/uploads\/2023\/09\/cropped-cropped-ei_1695218943890-removebg-preview.png","contentUrl":"https:\/\/cocon.com.ar\/wp-content\/uploads\/2023\/09\/cropped-cropped-ei_1695218943890-removebg-preview.png","width":512,"height":341,"caption":"Cocon"},"image":{"@id":"https:\/\/cocon.com.ar\/#\/schema\/logo\/image\/"},"sameAs":["http:\/\/facebook.com\/cocon.muebles","https:\/\/www.instagram.com\/cocon.deco","https:\/\/www.youtube.com\/@cocon663"]}]}},"_links":{"self":[{"href":"https:\/\/cocon.com.ar\/es\/wp-json\/wp\/v2\/product\/2028","targetHints":{"allow":["GET"]}}],"collection":[{"href":"https:\/\/cocon.com.ar\/es\/wp-json\/wp\/v2\/product"}],"about":[{"href":"https:\/\/cocon.com.ar\/es\/wp-json\/wp\/v2\/types\/product"}],"replies":[{"embeddable":true,"href":"https:\/\/cocon.com.ar\/es\/wp-json\/wp\/v2\/comments?post=2028"}],"wp:featuredmedia":[{"embeddable":true,"href":"https:\/\/cocon.com.ar\/es\/wp-json\/wp\/v2\/media\/2924"}],"wp:attachment":[{"href":"https:\/\/cocon.com.ar\/es\/wp-json\/wp\/v2\/media?parent=2028"}],"wp:term":[{"taxonomy":"product_cat","embeddable":true,"href":"https:\/\/cocon.com.ar\/es\/wp-json\/wp\/v2\/product_cat?post=2028"},{"taxonomy":"product_tag","embeddable":true,"href":"https:\/\/cocon.com.ar\/es\/wp-json\/wp\/v2\/product_tag?post=2028"}],"curies":[{"name":"wp","href":"https:\/\/api.w.org\/{rel}","templated":true}]}}